{"id":3,"date":"2019-05-20T10:16:57","date_gmt":"2019-05-20T08:16:57","guid":{"rendered":"http:\/\/www.artursokolowski.pl\/?page_id=3"},"modified":"2022-04-08T10:04:57","modified_gmt":"2022-04-08T08:04:57","slug":"polityka-prywatnosci","status":"publish","type":"page","link":"http:\/\/www.artursokolowski.pl\/index.php\/polityka-prywatnosci\/","title":{"rendered":"Polityka prywatno\u015bci"},"content":{"rendered":"<p><span style=\"color: #999999;\"><strong>Polityka prywatno\u015bci i plik\u00f3w cookies<\/strong><\/span><\/p>\n<p><span style=\"color: #999999;\"><strong>Drogi Kliencie<\/strong><\/span><\/p>\n<p><span style=\"color: #999999;\">Chcia\u0142bym aby\u015b wiedzia\u0142, \u017ce dbam o Twoj\u0105 prywatno\u015b\u0107 i dlatego poni\u017cej znajdziesz najwa\u017cniejsze informacje o zasadach przetwarzania Twoich danych osobowych oraz plikach cookies, kt\u00f3re s\u0105 wykorzystywane przez moje serwisy. Informacje te zosta\u0142y przygotowane z uwzgl\u0119dnieniem RODO, czyli og\u00f3lnego rozporz\u0105dzenia o ochronie danych.<\/span><\/p>\n<p><span style=\"color: #999999;\"><strong>ADMINISTRATOR DANYCH OSOBOWYCH (\u201eAdministrator\u201d)<\/strong><\/span><\/p>\n<p><span style=\"color: #999999;\">Artur Soko\u0142owski, prowadz\u0105cy dzia\u0142alno\u015b\u0107 gospodarcz\u0105 pod nazw\u0105 STUDIO ARTKA Artur Soko\u0142owski, wpisany do Centralnej Ewidencji i Informacji o Dzia\u0142alno\u015bci Gospodarczej, NIP 542-258-90-87, REGON: 200264394, pod adresem: ul. Jerzego Waszyngtona 25B 15-304 Bia\u0142ystok<\/span><\/p>\n<p><span style=\"color: #999999;\"><strong>DANE OSOBOWE I PRYWATNO\u015a\u0106<\/strong><\/span><\/p>\n<p><span style=\"color: #999999;\">Je\u015bli zamierzasz korzysta\u0107 z moich us\u0142ug, zostaniesz poproszony o podanie Twoich danych osobowych. Twoje dane przetwarzane s\u0105 przez\u00a0we wskazanych poni\u017cej celach, zwi\u0105zanych z funkcjonowaniem Serwisu artursokolowski.pl i \u015bwiadczeniem us\u0142ug w nim oferowanych.<\/span><\/p>\n<p><span style=\"color: #999999;\"><strong>Cel przetwarzania:<\/strong><\/span><br \/>\n<span style=\"color: #999999;\">W zale\u017cno\u015bci od tego, na co si\u0119 zdecydujesz, mo\u017ce to by\u0107:<\/span><br \/>\n<span style=\"color: #999999;\">\u2013 wystawianie i przechowywanie faktur oraz dokument\u00f3w ksi\u0119gowych, r\u00f3wnie\u017c dla cel\u00f3w archiwizacyjnych,<\/span><\/p>\n<p><span style=\"color: #999999;\">\u2013 realizacja um\u00f3w \u0142\u0105cz\u0105cych Pa\u0144stwa z Soko\u0142owski Foto Artur Soko\u0142owski, oraz \u015bwiadczenie oferowanych przeze mnie us\u0142ug, w tym wysy\u0142ki zam\u00f3wionych materia\u0142\u00f3w zdj\u0119ciowych i realizacji p\u0142atno\u015bci, obs\u0142ugi reklamacji;<\/span><br \/>\n<span style=\"color: #999999;\">\u2013 ochrony praw zgodnie z przepisami prawa, w tym w szczeg\u00f3lno\u015bci dochodzenia zaleg\u0142ych p\u0142atno\u015bci w ramach proces\u00f3w windykacyjnych i proces\u00f3w s\u0105dowych;<\/span><br \/>\n<span style=\"color: #999999;\">\u2013 kontakt z klientami,<\/span><br \/>\n<span style=\"color: #999999;\">\u2013 realizacja sesji i projekt\u00f3w zdj\u0119ciowych, w tym fotoreporta\u017ce \u015blubne i inne uroczysto\u015bci (chrzciny, komunia, urodziny itp.),<\/span><\/p>\n<p><span style=\"color: #999999;\"><strong>Przetwarzane przeze mnie dane osobowe mog\u0105 zawiera\u0107:<\/strong><\/span><br \/>\n<span style=\"color: #999999;\">\u2013 imi\u0119 (imiona) i nazwisko;<\/span><br \/>\n<span style=\"color: #999999;\">\u2013 dane kontaktowe \u2013 adres, adres e-mail, numer telefonu itp;<\/span><br \/>\n<span style=\"color: #999999;\">\u2013 dane firmy \u2013 NIP, REGON, adres siedziby, numer rachunku bankowego;<\/span><\/p>\n<p><span style=\"color: #999999;\"><strong>Podstawa przetwarzania:<\/strong><\/span><br \/>\n<span style=\"color: #999999;\">\u2013 twoje upowa\u017cnienie do przetwarzania danych osobowych (art. 6 ust. 1 lit. a RODO)<\/span><br \/>\n<span style=\"color: #999999;\">\u2013 umowa o \u015bwiadczenie us\u0142ug (art. 6 ust. 1 lit. b RODO)<\/span><br \/>\n<span style=\"color: #999999;\">\u2013 nasz prawnie uzasadniony interes, w celu ustalenia, dochodzenia lub obrony roszcze\u0144 (art. 6 ust. 1 lit. f RODO)<\/span><br \/>\n<span style=\"color: #999999;\">\u2013 nasz prawnie uzasadniony interes, polegaj\u0105cy na profilowaniu w celach marketingowych (art. 6 ust. 1 lit. f RODO)<\/span><\/p>\n<p><span style=\"color: #999999;\"><strong>Podanie danych:<\/strong><\/span><br \/>\n<span style=\"color: #999999;\">\u2013 Dobrowolne, ale w niekt\u00f3rych przypadkach mo\u017ce by\u0107 konieczne do zawarcia umowy.<\/span><\/p>\n<p><span style=\"color: #999999;\"><strong>Skutek niepodania danych:<\/strong><\/span><br \/>\n<span style=\"color: #999999;\">W zale\u017cno\u015bci od celu, w jakim dane s\u0105 podawane:<\/span><br \/>\n<span style=\"color: #999999;\">\u2013 brak mo\u017cliwo\u015bci korzystania z us\u0142ugi<\/span><br \/>\n<span style=\"color: #999999;\">\u2013 brak otrzymania materia\u0142\u00f3w zdj\u0119ciowych<\/span><br \/>\n<span style=\"color: #999999;\">\u2013 brak mo\u017cliwo\u015bci otrzymywania informacji, ofertach oferowanych przeze mnie.<\/span><\/p>\n<p><span style=\"color: #999999;\"><strong>Mo\u017cliwo\u015b\u0107 cofni\u0119cia zgody:<\/strong><\/span><br \/>\n<span style=\"color: #999999;\">W ka\u017cdej chwili. Przetwarzanie danych do momentu cofni\u0119cia przez Ciebie zgody pozostaje zgodne z prawem.<\/span><\/p>\n<p><span style=\"color: #999999;\"><strong>OKRES PRZETWARZANIA<\/strong><\/span><\/p>\n<p><span style=\"color: #999999;\">Twoje dane b\u0119d\u0119 przetwarza\u0107 tylko przez okres, w kt\u00f3rym b\u0119dz\u0119 mie\u0107 ku temu podstaw\u0119 prawn\u0105, a wi\u0119c do momentu, w kt\u00f3rym:<\/span><br \/>\n<span style=\"color: #999999;\">\u2013 ustanie mo\u017cliwo\u015b\u0107 dochodzenia roszcze\u0144 zwi\u0105zanych z umow\u0105 zawart\u0105 przeze mnie przez kt\u00f3r\u0105kolwiek ze stron<\/span><br \/>\n<span style=\"color: #999999;\">\u2013 cofniesz zgod\u0119 na przetwarzanie danych, je\u015bli to ona by\u0142a jego podstaw\u0105 w zale\u017cno\u015bci od tego, co ma zastosowanie w danym przypadku i co nast\u0105pi najp\u00f3\u017aniej.<\/span><\/p>\n<p><span style=\"color: #999999;\"><strong>BEZPIECZE\u0143STWO DANYCH<\/strong><\/span><\/p>\n<p><span style=\"color: #999999;\">Przetwarzaj\u0105c Twoje dane osobowe stosuj\u0119 \u015brodki organizacyjne i techniczne zgodne z w\u0142a\u015bciwymi przepisami prawa.<\/span><\/p>\n<p><span style=\"color: #999999;\"><strong>TWOJE UPRAWNIENIA<\/strong><\/span><\/p>\n<p><span style=\"color: #999999;\">Przys\u0142uguje Ci prawo \u017c\u0105dania:<\/span><br \/>\n<span style=\"color: #999999;\">\u2013 dost\u0119pu do Twoich danych osobowych,<\/span><br \/>\n<span style=\"color: #999999;\">\u2013 ich sprostowania,<\/span><br \/>\n<span style=\"color: #999999;\">\u2013 usuni\u0119cia,<\/span><br \/>\n<span style=\"color: #999999;\">\u2013 ograniczenia przetwarzania,<\/span><br \/>\n<span style=\"color: #999999;\">\u2013 wniesienia sprzeciwu wobec przetwarzania,<\/span><br \/>\n<span style=\"color: #999999;\">\u2013 \u017c\u0105dania przeniesienia danych do innego Administratora<\/span><\/p>\n<p><span style=\"color: #999999;\">Skontaktuj si\u0119 ze mn\u0105, je\u015bli chcesz skorzysta\u0107 ze swoich praw. Je\u015bli uznasz, \u017ce Twoje dane s\u0105 przetwarzane niezgodnie z prawem pami\u0119taj, \u017ce przys\u0142uguje Ci tak\u017ce prawo wniesienia skargi do Prezesa Urz\u0119du Ochrony Danych Osobowych.<\/span><\/p>\n<p><span style=\"color: #999999;\"><strong>US\u0141UGI ZEWN\u0118TRZNE \/ ODBIORCY DANYCH<\/strong><\/span><\/p>\n<p><span style=\"color: #999999;\">Korzystam z us\u0142ug podmiot\u00f3w zewn\u0119trznych, kt\u00f3rym mog\u0105 by\u0107 przekazywane Twoje dane.<\/span><\/p>\n<p><span style=\"color: #999999;\">Poni\u017cej znajduje si\u0119 lista tych podmiot\u00f3w:<\/span><\/p>\n<p><span style=\"color: #999999;\">\u2013 hostingodawcy<strong>:\u00a0<\/strong><strong>wirtuale.pl S.A,<\/strong> ul. Olszewskiego 6, 25-663 Kielce, Telefon: +48 41 330 35 10,\u00a0<a style=\"color: #999999;\" href=\"http:\/\/www.wirtuale.pl\/\">www.wirtuale.pl<\/a> , NIP: 9591436448, REGON: 291211910, S\u0105d Rejonowy w Kielcach X Wydzia\u0142 Gospodarczy Krajowego Rejestru S\u0105dowego KRS 0000420481<\/span><br \/>\n<span style=\"color: #999999;\">\u2013 podmioty realizuj\u0105ce dostaw\u0119 towar\u00f3w np. odbitki, fotoalbumy,<\/span><br \/>\n<span style=\"color: #999999;\">\u2013 osoby wsp\u00f3\u0142pracuj\u0105ce ze mn\u0105 na podstawie um\u00f3w cywilnoprawnych, wspieraj\u0105ce moj\u0105 bie\u017c\u0105c\u0105 dzia\u0142alno\u015b\u0107,<\/span><br \/>\n<span style=\"color: #999999;\">\u2013 dostawca oprogramowania u\u0142atwiaj\u0105cego prowadzenie dzia\u0142alno\u015bci (np. oprogramowanie ksi\u0119gowe),<\/span><br \/>\n<span style=\"color: #999999;\">\u2013 podmioty zapewniaj\u0105ce us\u0142ugi p\u0142atno\u015bci elektronicznych,<\/span><br \/>\n<span style=\"color: #999999;\">\u2013 biuro ksi\u0119gowe,<\/span><br \/>\n<span style=\"color: #999999;\">\u2013 portale spo\u0142eczno\u015bciowe,<\/span><br \/>\n<span style=\"color: #999999;\">\u2013 podmioty umo\u017cliwiaj\u0105ce wysy\u0142k\u0119 maili.<\/span><\/p>\n<p><span style=\"color: #999999;\">W ramach Serwisu stosuj\u0119 pliki cookies. Ich celem jest \u015bwiadczenie us\u0142ug na najwy\u017cszym poziomie, w tym r\u00f3wnie\u017c dostosowanych do Twoich indywidualnych potrzeb. Korzystanie z witryny bez zmiany ustawie\u0144 przegl\u0105darki dotycz\u0105cych cookies oznacza, \u017ce b\u0119d\u0105 one umieszczane w Twoim urz\u0105dzeniu. W ka\u017cdej chwili mo\u017cesz dokona\u0107 zmiany ustawie\u0144 przegl\u0105darki dotycz\u0105cych cookies.<\/span><\/p>\n<p><span style=\"color: #999999;\"><strong>CO TO S\u0104 PLIKI COOKIES?<\/strong><\/span><\/p>\n<p><span style=\"color: #999999;\">Cookies, zwane r\u00f3wnie\u017c ciasteczkami (z j\u0119zyka angielskiego cookie oznacza ciasteczko) to niewielkie pliki tekstowe (txt.) wysy\u0142ane przez serwer WWW i zapisywane po stronie u\u017cytkownika (najcz\u0119\u015bciej na twardym dysku). Parametry ciasteczek pozwalaj\u0105 na odczytanie informacji w nich zawartych jedynie serwerowi, kt\u00f3ry je utworzy\u0142. Ciasteczka s\u0105 stosowane najcz\u0119\u015bciej w przypadku licznik\u00f3w, sond, sklep\u00f3w internetowych, stron wymagaj\u0105cych logowania, reklam i do monitorowania aktywno\u015bci odwiedzaj\u0105cych.<\/span><\/p>\n<p><span style=\"color: #999999;\"><strong>JAKIE FUNKCJE SPE\u0141NIAJ\u0104 COOKIES?<\/strong><\/span><\/p>\n<p><span style=\"color: #999999;\">Cookies zawieraj\u0105 r\u00f3\u017cne informacje o u\u017cytkowniku danej strony WWW i historii jego \u0142\u0105czno\u015bci ze stron\u0105. Dzi\u0119ki nim w\u0142a\u015bciciel serwera, kt\u00f3ry wys\u0142a\u0142 cookies, mo\u017ce bez problemu pozna\u0107 adres IP u\u017cytkownika, a tak\u017ce na przyk\u0142ad sprawdzi\u0107, jakie strony przegl\u0105da\u0142 on przed wej\u015bciem na jego witryn\u0119. Ponadto w\u0142a\u015bciciel serwera mo\u017ce sprawdzi\u0107, jakiej przegl\u0105darki u\u017cywa u\u017cytkownik i czy nie nast\u0105pi\u0142y informacje o b\u0142\u0119dach podczas wy\u015bwietlania strony. Warto jednak zaznaczy\u0107, \u017ce dane te nie s\u0105 kojarzone z konkretnymi osobami przegl\u0105daj\u0105cymi strony, a jedynie z komputerem po\u0142\u0105czonym z internetem, na kt\u00f3rym cookies zosta\u0142o zapisane (s\u0142u\u017cy do tego adres IP).<\/span><\/p>\n<p><span style=\"color: #999999;\"><strong>JAK WYKORZYSTUJ\u0118 INFORMACJE Z COOKIES?<\/strong><\/span><\/p>\n<p><span style=\"color: #999999;\">Zazwyczaj dane wykorzystywane s\u0105 do automatycznego rozpoznawania konkretnego u\u017cytkownika przez serwer, kt\u00f3ry mo\u017ce dzi\u0119ki temu wygenerowa\u0107 przeznaczon\u0105 dla niego stron\u0119. Umo\u017cliwia to na przyk\u0142ad dostosowanie serwis\u00f3w i stron WWW, obs\u0142ugi logowania, niekt\u00f3rych formularzy kontaktowych.<\/span><\/p>\n<p><span style=\"color: #999999;\">Firma STUDIO ARTKA, wydawca Serwisu artursokolowski.pl u\u017cywa plik\u00f3w cookies w celu optymalizacji korzystania ze strony, a tak\u017ce dostosowania jego zawarto\u015bci do preferencji u\u017cytkownika. U\u017cywa ich r\u00f3wnie\u017c w celu tworzenia anonimowych, zagregowanych statystyk, z wy\u0142\u0105czeniem personalnej identyfikacji u\u017cytkownika. To pomaga mi zrozumie\u0107, w jaki spos\u00f3b u\u017cytkownicy korzystaj\u0105 ze strony internetowej i pozwala ulepsza\u0107 jej struktur\u0119 i zawarto\u015b\u0107. Opr\u00f3cz tego, firma STUDIO ARTKA mo\u017ce zamie\u015bci\u0107 lub zezwoli\u0107 podmiotowi zewn\u0119trznemu na zamieszczenie plik\u00f3w cookies na urz\u0105dzeniu u\u017cytkownika w celu zapewnienia prawid\u0142owego funkcjonowania strony WWW. Pomaga to monitorowa\u0107 i sprawdza\u0107 jej dzia\u0142ania. Podmiotem tym mo\u017ce by\u0107 mi\u0119dzy innymi Google, Facebook, kt\u00f3ry zbieraj\u0105 potrzebne nam dane. Dodatkowo podmiotami mog\u0105 by\u0107: cookies wtyczek w WordPressie.<\/span><\/p>\n<p><span style=\"color: #999999;\">U\u017cytkownik mo\u017ce jednak ustawi\u0107 swoj\u0105 przegl\u0105dark\u0119 w taki spos\u00f3b, aby pliki cookies nie zapisywa\u0142y si\u0119 na jego dysku albo automatycznie usuwa\u0142y w okre\u015blonym czasie. Ustawienia te mog\u0105 wi\u0119c zosta\u0107 zmienione w taki spos\u00f3b, aby blokowa\u0107 automatyczn\u0105 obs\u0142ug\u0119 plik\u00f3w cookies w ustawieniach przegl\u0105darki internetowej b\u0105d\u017a informowa\u0107 o ich ka\u017cdorazowym przes\u0142aniu na urz\u0105dzenie u\u017cytkownika. Niestety, w konsekwencji mo\u017ce to prowadzi\u0107 do problem\u00f3w z wy\u015bwietlaniem niekt\u00f3rych witryn, niedost\u0119pno\u015bci niekt\u00f3rych us\u0142ug.<\/span><\/p>\n<p><span style=\"color: #999999;\"><strong>KONTAKT Z ADMINISTRATOREM<\/strong><\/span><br \/>\n<span style=\"color: #999999;\">foto@artursokolowski.pl<\/span><\/p>\n","protected":false},"excerpt":{"rendered":"<p>Polityka prywatno\u015bci i plik\u00f3w cookies Drogi Kliencie Chcia\u0142bym aby\u015b wiedzia\u0142, \u017ce dbam o Twoj\u0105 prywatno\u015b\u0107 i dlatego poni\u017cej znajdziesz najwa\u017cniejsze informacje o zasadach przetwarzania Twoich danych osobowych&hellip;<\/p>\n<p> <a class=\"more-link\" href=\"http:\/\/www.artursokolowski.pl\/index.php\/polityka-prywatnosci\/\">Czytaj dalej<\/a><\/p>\n","protected":false},"author":1,"featured_media":0,"parent":0,"menu_order":0,"comment_status":"closed","ping_status":"open","template":"","meta":{"_monsterinsights_skip_tracking":false,"_monsterinsights_sitenote_active":false,"_monsterinsights_sitenote_note":"","_monsterinsights_sitenote_category":0},"_links":{"self":[{"href":"http:\/\/www.artursokolowski.pl\/index.php\/wp-json\/wp\/v2\/pages\/3"}],"collection":[{"href":"http:\/\/www.artursokolowski.pl\/index.php\/wp-json\/wp\/v2\/pages"}],"about":[{"href":"http:\/\/www.artursokolowski.pl\/index.php\/wp-json\/wp\/v2\/types\/page"}],"author":[{"embeddable":true,"href":"http:\/\/www.artursokolowski.pl\/index.php\/wp-json\/wp\/v2\/users\/1"}],"replies":[{"embeddable":true,"href":"http:\/\/www.artursokolowski.pl\/index.php\/wp-json\/wp\/v2\/comments?post=3"}],"version-history":[{"count":4,"href":"http:\/\/www.artursokolowski.pl\/index.php\/wp-json\/wp\/v2\/pages\/3\/revisions"}],"predecessor-version":[{"id":3144,"href":"http:\/\/www.artursokolowski.pl\/index.php\/wp-json\/wp\/v2\/pages\/3\/revisions\/3144"}],"wp:attachment":[{"href":"http:\/\/www.artursokolowski.pl\/index.php\/wp-json\/wp\/v2\/media?parent=3"}],"curies":[{"name":"wp","href":"https:\/\/api.w.org\/{rel}","templated":true}]}}